{"id":224,"date":"2012-02-15T12:26:05","date_gmt":"2012-02-15T12:26:05","guid":{"rendered":"http:\/\/www.creating4u.nl\/domaine\/?page_id=224"},"modified":"2012-03-05T11:02:15","modified_gmt":"2012-03-05T11:02:15","slug":"monpazier","status":"publish","type":"page","link":"https:\/\/www.domainedepradelle.com\/index.php\/the-surroundings\/monpazier\/","title":{"rendered":"Monpazier"},"content":{"rendered":"<p><!--:de-->Im Herzen des Landes der Festungst\u00e4dte liegt Monpazier, gebaut im Jahre 1284 unter der F\u00fchrung des englischen K\u00f6nigs Edward I. Dieses St\u00e4dtchen hat nahezu alle originellen Aspekte und Dimensionen behalten. F\u00fcr Ihre Besucher gilt Monpazier, 8 Jahrhunderte nach ihrer Errichtung, immer noch als architektonische Perle und unbestrittene K\u00f6nigin der abendl\u00e4ndischen Festungst\u00e4dte. Betrachtet als einer der sch\u00f6nsten Festungst\u00e4dte Frankreichs, ist Monpazier, wie auch Capdrot und Biron, im Jahre 1999 ausgerufen worden als &#8220;Grosser Nationaler Ort&#8221;. Sie z\u00e4hlt zur Gruppe die &#8220;Sch\u00f6nsten D\u00f6rfer Frankreichs&#8221;.<\/p>\n\n\t\t<style type=\"text\/css\">\n\t\t\t#gallery-1 {\n\t\t\t\tmargin: auto;\n\t\t\t}\n\t\t\t#gallery-1 .gallery-item {\n\t\t\t\tfloat: left;\n\t\t\t\tmargin-top: 10px;\n\t\t\t\ttext-align: center;\n\t\t\t\twidth: 33%;\n\t\t\t}\n\t\t\t#gallery-1 img {\n\t\t\t\tborder: 2px solid #cfcfcf;\n\t\t\t}\n\t\t\t#gallery-1 .gallery-caption {\n\t\t\t\tmargin-left: 0;\n\t\t\t}\n\t\t\t\/* see gallery_shortcode() in wp-includes\/media.php *\/\n\t\t<\/style>\n\t\t<div id='gallery-1' class='gallery galleryid-224 gallery-columns-3 gallery-size-thumbnail'><dl class='gallery-item'>\n\t\t\t<dt class='gallery-icon landscape'>\n\t\t\t\t<a href='https:\/\/www.domainedepradelle.com\/index.php\/the-surroundings\/monpazier\/arcadesbastide\/'><img loading=\"lazy\" decoding=\"async\" width=\"150\" height=\"133\" src=\"https:\/\/www.domainedepradelle.com\/wp\/wp-content\/uploads\/2012\/02\/arcadesbastide-150x133.jpg\" class=\"attachment-thumbnail size-thumbnail\" alt=\"\" \/><\/a>\n\t\t\t<\/dt><\/dl><dl class='gallery-item'>\n\t\t\t<dt class='gallery-icon landscape'>\n\t\t\t\t<a href='https:\/\/www.domainedepradelle.com\/index.php\/the-surroundings\/monpazier\/monpazier1\/'><img loading=\"lazy\" decoding=\"async\" width=\"150\" height=\"131\" src=\"https:\/\/www.domainedepradelle.com\/wp\/wp-content\/uploads\/2012\/02\/monpazier1-150x131.jpg\" class=\"attachment-thumbnail size-thumbnail\" alt=\"Monpazier\" \/><\/a>\n\t\t\t<\/dt><\/dl><dl class='gallery-item'>\n\t\t\t<dt class='gallery-icon landscape'>\n\t\t\t\t<a href='https:\/\/www.domainedepradelle.com\/index.php\/the-surroundings\/monpazier\/monpazier3\/'><img loading=\"lazy\" decoding=\"async\" width=\"150\" height=\"132\" src=\"https:\/\/www.domainedepradelle.com\/wp\/wp-content\/uploads\/2012\/02\/monpazier3-150x132.jpg\" class=\"attachment-thumbnail size-thumbnail\" alt=\"\" \/><\/a>\n\t\t\t<\/dt><\/dl><br style=\"clear: both\" \/>\n\t\t<\/div>\n\n<p>Das ganze Jahr durch werden zahlreiche festliche Manifestationen (siehe oben) und Besichtigungen mit F\u00fchrern organisiert (f\u00fcr Gruppen auf Reservierung): im Juli und August jeden tag um 11 Uhr und 15 Uhr; im September und Oktober jeden Dienstag und Freitag um 14.30 Uhr.<\/p>\n<p>f\u00fcr mehr Informationen :<\/p>\n<p><strong>OFFICE DU TOURISME DU MONPAZIEROIS <\/strong><br \/>\nPlace des Corni\u00e8res<br \/>\n24540 Monpazier<\/p>\n<p>Tel : 05-53-22-68-59 \/\/ Fax : 05-53-74-30-08<\/p>\n<p>email : <a href=\"mailto:ot.monpazier@perigord.tm.fr \">ot.monpazier@perigord.tm.fr<\/a><br \/>\n<a href=\"http:\/\/www.pays-des-bastides.com\" target=\"_blank\">www.pays-des-bastides.com<\/a><\/p>\n<p><a href=\"?page_id=208&#038;lang=de\">Perigord<\/a><br \/>\n<a href=\"?page_id=218&#038;lang=de\">Sarlat<\/a><br \/>\n<a href=\"?page_id=224&#038;lang=de\">Monpazier<\/a><br \/>\n<a href=\"?page_id=232&#038;lang=de\">Bergerac<\/a><br \/>\n<a href=\"?page_id=242&#038;lang=de\">Le Bugue<\/a><br \/>\n<a href=\"?page_id=253&#038;lang=de\">Perigueux<\/a><\/p>\n<p>Bron best-of-perigord.tm.fr<!--:--><!--:en-->Located in the very heart of the &#8220;Land of the Bastides&#8221;, Monpazier was created in 1284 under the reign of King of England Edward 1, and still has today its original size and aspect. Eight centuries after its creation, the bastide of Monpazier is still a jewel of medieval architecture, undisputedly one of the most beautiful bastides in Europe. <\/p>\n\n\t\t<style type=\"text\/css\">\n\t\t\t#gallery-2 {\n\t\t\t\tmargin: auto;\n\t\t\t}\n\t\t\t#gallery-2 .gallery-item {\n\t\t\t\tfloat: left;\n\t\t\t\tmargin-top: 10px;\n\t\t\t\ttext-align: center;\n\t\t\t\twidth: 33%;\n\t\t\t}\n\t\t\t#gallery-2 img {\n\t\t\t\tborder: 2px solid #cfcfcf;\n\t\t\t}\n\t\t\t#gallery-2 .gallery-caption {\n\t\t\t\tmargin-left: 0;\n\t\t\t}\n\t\t\t\/* see gallery_shortcode() in wp-includes\/media.php *\/\n\t\t<\/style>\n\t\t<div id='gallery-2' class='gallery galleryid-224 gallery-columns-3 gallery-size-thumbnail'><dl class='gallery-item'>\n\t\t\t<dt class='gallery-icon landscape'>\n\t\t\t\t<a href='https:\/\/www.domainedepradelle.com\/index.php\/the-surroundings\/monpazier\/arcadesbastide\/'><img loading=\"lazy\" decoding=\"async\" width=\"150\" height=\"133\" src=\"https:\/\/www.domainedepradelle.com\/wp\/wp-content\/uploads\/2012\/02\/arcadesbastide-150x133.jpg\" class=\"attachment-thumbnail size-thumbnail\" alt=\"\" \/><\/a>\n\t\t\t<\/dt><\/dl><dl class='gallery-item'>\n\t\t\t<dt class='gallery-icon landscape'>\n\t\t\t\t<a href='https:\/\/www.domainedepradelle.com\/index.php\/the-surroundings\/monpazier\/monpazier1\/'><img loading=\"lazy\" decoding=\"async\" width=\"150\" height=\"131\" src=\"https:\/\/www.domainedepradelle.com\/wp\/wp-content\/uploads\/2012\/02\/monpazier1-150x131.jpg\" class=\"attachment-thumbnail size-thumbnail\" alt=\"Monpazier\" \/><\/a>\n\t\t\t<\/dt><\/dl><dl class='gallery-item'>\n\t\t\t<dt class='gallery-icon landscape'>\n\t\t\t\t<a href='https:\/\/www.domainedepradelle.com\/index.php\/the-surroundings\/monpazier\/monpazier3\/'><img loading=\"lazy\" decoding=\"async\" width=\"150\" height=\"132\" src=\"https:\/\/www.domainedepradelle.com\/wp\/wp-content\/uploads\/2012\/02\/monpazier3-150x132.jpg\" class=\"attachment-thumbnail size-thumbnail\" alt=\"\" \/><\/a>\n\t\t\t<\/dt><\/dl><br style=\"clear: both\" \/>\n\t\t<\/div>\n\n<p>As the most beautiful French bastide, it has been raised to the rank of &#8220;Grand National Site&#8221;, together with Capdrot and Biron in 1991; it is also one of the &#8220;Most Beautiful Villages in France&#8221;. <\/p>\n<p>Numerous events (click above) and guided tours are organized all year round (upon prior reservation for groups); everyday at 11:00 a.m. and 03:00 p.m. in July and August; on Tuesdays and Fridays at 14:30 p.m. in September and October.<\/p>\n<p>Should you need any further information,<br \/>\nplease contact: <\/p>\n<p><strong>OFFICE DU TOURISME DU MONPAZIEROIS <\/strong><br \/>\nPlace des Corni\u00e8res<br \/>\n24540 Monpazier<\/p>\n<p>Tel : 05-53-22-68-59 \/\/ Fax : 05-53-74-30-08<\/p>\n<p>email : <a href=\"mailto:ot.monpazier@perigord.tm.fr \">ot.monpazier@perigord.tm.fr<\/a><br \/>\n<a href=\"http:\/\/www.pays-des-bastides.com\" target=\"_blank\">www.pays-des-bastides.com<\/a><\/p>\n<p><a href=\"?page_id=208\">Perigord<\/a><br \/>\n<a href=\"?page_id=218\">Sarlat<\/a><br \/>\n<a href=\"?page_id=224\">Monpazier<\/a><br \/>\n<a href=\"?page_id=232\">Bergerac<\/a><br \/>\n<a href=\"?page_id=242\">Le Bugue<\/a><br \/>\n<a href=\"?page_id=253\">Perigueux<\/a><\/p>\n<p>Bron best-of-perigord.tm.fr<!--:--><!--:fr-->Au coeur du Pays des Bastides, cr\u00e9\u00e9e en 1284 sous le r\u00e8gne du roi d&#8217;Angleterre Edouard 1er, la bastide de Monpazier a gard\u00e9 presque intacts son aspect et ses dimensions d&#8217;origine. Huit si\u00e8cles apr\u00e8s sa fondation, elle se pr\u00e9sente aux visiteurs comme un authentique joyau de l&#8217;architecture m\u00e9di\u00e9vale, reine incontest\u00e9e des bastides occidentales. <\/p>\n\n\t\t<style type=\"text\/css\">\n\t\t\t#gallery-3 {\n\t\t\t\tmargin: auto;\n\t\t\t}\n\t\t\t#gallery-3 .gallery-item {\n\t\t\t\tfloat: left;\n\t\t\t\tmargin-top: 10px;\n\t\t\t\ttext-align: center;\n\t\t\t\twidth: 33%;\n\t\t\t}\n\t\t\t#gallery-3 img {\n\t\t\t\tborder: 2px solid #cfcfcf;\n\t\t\t}\n\t\t\t#gallery-3 .gallery-caption {\n\t\t\t\tmargin-left: 0;\n\t\t\t}\n\t\t\t\/* see gallery_shortcode() in wp-includes\/media.php *\/\n\t\t<\/style>\n\t\t<div id='gallery-3' class='gallery galleryid-224 gallery-columns-3 gallery-size-thumbnail'><dl class='gallery-item'>\n\t\t\t<dt class='gallery-icon landscape'>\n\t\t\t\t<a href='https:\/\/www.domainedepradelle.com\/index.php\/the-surroundings\/monpazier\/arcadesbastide\/'><img loading=\"lazy\" decoding=\"async\" width=\"150\" height=\"133\" src=\"https:\/\/www.domainedepradelle.com\/wp\/wp-content\/uploads\/2012\/02\/arcadesbastide-150x133.jpg\" class=\"attachment-thumbnail size-thumbnail\" alt=\"\" \/><\/a>\n\t\t\t<\/dt><\/dl><dl class='gallery-item'>\n\t\t\t<dt class='gallery-icon landscape'>\n\t\t\t\t<a href='https:\/\/www.domainedepradelle.com\/index.php\/the-surroundings\/monpazier\/monpazier1\/'><img loading=\"lazy\" decoding=\"async\" width=\"150\" height=\"131\" src=\"https:\/\/www.domainedepradelle.com\/wp\/wp-content\/uploads\/2012\/02\/monpazier1-150x131.jpg\" class=\"attachment-thumbnail size-thumbnail\" alt=\"Monpazier\" \/><\/a>\n\t\t\t<\/dt><\/dl><dl class='gallery-item'>\n\t\t\t<dt class='gallery-icon landscape'>\n\t\t\t\t<a href='https:\/\/www.domainedepradelle.com\/index.php\/the-surroundings\/monpazier\/monpazier3\/'><img loading=\"lazy\" decoding=\"async\" width=\"150\" height=\"132\" src=\"https:\/\/www.domainedepradelle.com\/wp\/wp-content\/uploads\/2012\/02\/monpazier3-150x132.jpg\" class=\"attachment-thumbnail size-thumbnail\" alt=\"\" \/><\/a>\n\t\t\t<\/dt><\/dl><br style=\"clear: both\" \/>\n\t\t<\/div>\n\n<p>Consid\u00e9r\u00e9e comme la plus belle bastide de France, elle a \u00e9t\u00e9 \u00e9lev\u00e9e au rang de &#8220;Grand Site National&#8221; , avec Capdrot et Biron, en 1991 et fait partie des &#8220;Plus Villages de France&#8221;. <\/p>\n<p>Nombreuses manifestations (voir ci-dessus) et visites guid\u00e9es toute l&#8217;ann\u00e9e (pour les groupes, sur r\u00e9servation) ; tous les jours \u00e0 11h et 15h en juillet et ao\u00fbt ; tous les mardi et vendredi \u00e0 14h30, en septembre et octobre.<\/p>\n<p>Pour plus d&#8217;informations : <\/p>\n<p><strong>OFFICE DU TOURISME DU MONPAZIEROIS <\/strong><br \/>\nPlace des Corni\u00e8res<br \/>\n24540 Monpazier<\/p>\n<p>Tel : 05-53-22-68-59 \/\/ Fax : 05-53-74-30-08<\/p>\n<p>email : <a href=\"mailto:ot.monpazier@perigord.tm.fr \">ot.monpazier@perigord.tm.fr<\/a><br \/>\n<a href=\"http:\/\/www.pays-des-bastides.com\" target=\"_blank\">www.pays-des-bastides.com<\/a><\/p>\n<p><a href=\"?page_id=208&#038;lang=fr\">Perigord<\/a><br \/>\n<a href=\"?page_id=218&#038;lang=fr\">Sarlat<\/a><br \/>\n<a href=\"?page_id=224&#038;lang=fr\">Monpazier<\/a><br \/>\n<a href=\"?page_id=232&#038;lang=fr\">Bergerac<\/a><br \/>\n<a href=\"?page_id=242&#038;lang=fr\">Le Bugue<\/a><br \/>\n<a href=\"?page_id=253&#038;lang=fr\">Perigueux<\/a><\/p>\n<p>Bron best-of-perigord.tm.fr<!--:--><!--:nl-->In het hart van het land der vestingsteden ligt Monpazier, gebouwd in 1284 onder het leiderschap van de koning van Engeland, Edward I. Het stadje heeft vrijwel alle originele aspecten en afmetingen behouden. Voor haar bezoekers geldt Monpazier, 8 eeuwen na haar oprichting, nog altijd als een bouwkundig juweel en de onbetwistbare koningin der westerse vestingsteden. <\/p>\n\n\t\t<style type=\"text\/css\">\n\t\t\t#gallery-4 {\n\t\t\t\tmargin: auto;\n\t\t\t}\n\t\t\t#gallery-4 .gallery-item {\n\t\t\t\tfloat: left;\n\t\t\t\tmargin-top: 10px;\n\t\t\t\ttext-align: center;\n\t\t\t\twidth: 33%;\n\t\t\t}\n\t\t\t#gallery-4 img {\n\t\t\t\tborder: 2px solid #cfcfcf;\n\t\t\t}\n\t\t\t#gallery-4 .gallery-caption {\n\t\t\t\tmargin-left: 0;\n\t\t\t}\n\t\t\t\/* see gallery_shortcode() in wp-includes\/media.php *\/\n\t\t<\/style>\n\t\t<div id='gallery-4' class='gallery galleryid-224 gallery-columns-3 gallery-size-thumbnail'><dl class='gallery-item'>\n\t\t\t<dt class='gallery-icon landscape'>\n\t\t\t\t<a href='https:\/\/www.domainedepradelle.com\/index.php\/the-surroundings\/monpazier\/arcadesbastide\/'><img loading=\"lazy\" decoding=\"async\" width=\"150\" height=\"133\" src=\"https:\/\/www.domainedepradelle.com\/wp\/wp-content\/uploads\/2012\/02\/arcadesbastide-150x133.jpg\" class=\"attachment-thumbnail size-thumbnail\" alt=\"\" \/><\/a>\n\t\t\t<\/dt><\/dl><dl class='gallery-item'>\n\t\t\t<dt class='gallery-icon landscape'>\n\t\t\t\t<a href='https:\/\/www.domainedepradelle.com\/index.php\/the-surroundings\/monpazier\/monpazier1\/'><img loading=\"lazy\" decoding=\"async\" width=\"150\" height=\"131\" src=\"https:\/\/www.domainedepradelle.com\/wp\/wp-content\/uploads\/2012\/02\/monpazier1-150x131.jpg\" class=\"attachment-thumbnail size-thumbnail\" alt=\"Monpazier\" \/><\/a>\n\t\t\t<\/dt><\/dl><dl class='gallery-item'>\n\t\t\t<dt class='gallery-icon landscape'>\n\t\t\t\t<a href='https:\/\/www.domainedepradelle.com\/index.php\/the-surroundings\/monpazier\/monpazier3\/'><img loading=\"lazy\" decoding=\"async\" width=\"150\" height=\"132\" src=\"https:\/\/www.domainedepradelle.com\/wp\/wp-content\/uploads\/2012\/02\/monpazier3-150x132.jpg\" class=\"attachment-thumbnail size-thumbnail\" alt=\"\" \/><\/a>\n\t\t\t<\/dt><\/dl><br style=\"clear: both\" \/>\n\t\t<\/div>\n\n<p>Beschouwd als \u00e9\u00e9n van de mooiste vestingen van Frankrijk is Monpazier, net als Capdrot en Biron, in 1999 tot &#8220;Groot Nationaal Oord&#8221; uitgeroepen. Ze maakt deel uit van de &#8220;Mooiste Dorpen van Frankrijk&#8221;. <\/p>\n<p>Gedurende het gehele jaar worden talrijke festiviteiten (zie hierboven) georganiseerd (voor groepen op reservering): in juli en augustus elke daag om 11 uur en 15 uur; in september en october elke dinsdag en vrijdag om 14.30 uur.<\/p>\n<p><strong>OFFICE DU TOURISME DU MONPAZIEROIS <\/strong><br \/>\nPlace des Corni\u00e8res<br \/>\n24540 Monpazier<\/p>\n<p>Tel : 05-53-22-68-59 \/\/ Fax : 05-53-74-30-08<\/p>\n<p>email : <a href=\"mailto:ot.monpazier@perigord.tm.fr \">ot.monpazier@perigord.tm.fr<\/a><br \/>\n<a href=\"http:\/\/www.pays-des-bastides.com\" target=\"_blank\">www.pays-des-bastides.com<\/a><\/p>\n<p><a href=\"?page_id=208&#038;lang=nl\">Perigord<\/a><br \/>\n<a href=\"?page_id=218&#038;lang=nl\">Sarlat<\/a><br \/>\n<a href=\"?page_id=224&#038;lang=nl\">Monpazier<\/a><br \/>\n<a href=\"?page_id=232&#038;lang=nl\">Bergerac<\/a><br \/>\n<a href=\"?page_id=242&#038;lang=nl\">Le Bugue<\/a><br \/>\n<a href=\"?page_id=253&#038;lang=nl\">Perigueux<\/a><\/p>\n<p>Bron best-of-perigord.tm.fr<!--:--><\/p>\n","protected":false},"excerpt":{"rendered":"<p>Im Herzen des Landes der Festungst\u00e4dte liegt Monpazier, gebaut im Jahre 1284 unter der F\u00fchrung des englischen K\u00f6nigs Edward I. Dieses St\u00e4dtchen hat nahezu alle originellen Aspekte und Dimensionen behalten. F\u00fcr Ihre Besucher gilt Monpazier, 8 Jahrhunderte nach ihrer Errichtung, &hellip; <a href=\"https:\/\/www.domainedepradelle.com\/index.php\/the-surroundings\/monpazier\/\">Continue reading <span class=\"meta-nav\">&rarr;<\/span><\/a><\/p>\n","protected":false},"author":1,"featured_media":0,"parent":55,"menu_order":0,"comment_status":"open","ping_status":"open","template":"","meta":{"footnotes":""},"class_list":["post-224","page","type-page","status-publish","hentry"],"_links":{"self":[{"href":"https:\/\/www.domainedepradelle.com\/index.php\/wp-json\/wp\/v2\/pages\/224","targetHints":{"allow":["GET"]}}],"collection":[{"href":"https:\/\/www.domainedepradelle.com\/index.php\/wp-json\/wp\/v2\/pages"}],"about":[{"href":"https:\/\/www.domainedepradelle.com\/index.php\/wp-json\/wp\/v2\/types\/page"}],"author":[{"embeddable":true,"href":"https:\/\/www.domainedepradelle.com\/index.php\/wp-json\/wp\/v2\/users\/1"}],"replies":[{"embeddable":true,"href":"https:\/\/www.domainedepradelle.com\/index.php\/wp-json\/wp\/v2\/comments?post=224"}],"version-history":[{"count":3,"href":"https:\/\/www.domainedepradelle.com\/index.php\/wp-json\/wp\/v2\/pages\/224\/revisions"}],"predecessor-version":[{"id":423,"href":"https:\/\/www.domainedepradelle.com\/index.php\/wp-json\/wp\/v2\/pages\/224\/revisions\/423"}],"up":[{"embeddable":true,"href":"https:\/\/www.domainedepradelle.com\/index.php\/wp-json\/wp\/v2\/pages\/55"}],"wp:attachment":[{"href":"https:\/\/www.domainedepradelle.com\/index.php\/wp-json\/wp\/v2\/media?parent=224"}],"curies":[{"name":"wp","href":"https:\/\/api.w.org\/{rel}","templated":true}]}}